{"id":1342,"date":"2023-07-27T15:39:09","date_gmt":"2023-07-27T13:39:09","guid":{"rendered":"https:\/\/helift.fr\/?page_id=1342"},"modified":"2023-09-11T15:11:49","modified_gmt":"2023-09-11T13:11:49","slug":"plans-chalet-aravet","status":"publish","type":"page","link":"https:\/\/helift.fr\/en\/chalet-floor-plans\/","title":{"rendered":"Plans Chalet Aravet"},"content":{"rendered":"<div class=\"wp-block-cover alignfull is-light banniere hide-mobile has-base-color has-text-color\"><span aria-hidden=\"true\" class=\"wp-block-cover__background has-background-dim\"><\/span><img loading=\"lazy\" decoding=\"async\" width=\"1440\" height=\"758\" class=\"wp-block-cover__image-background wp-image-993\" alt=\"Location du chalet aravet \u00e0 la Salle-les-Alpes\" src=\"https:\/\/helift.fr\/wp-content\/uploads\/2023\/07\/location-chalet-salle-les-alpes.webp\" data-object-fit=\"cover\" srcset=\"https:\/\/helift.fr\/wp-content\/uploads\/2023\/07\/location-chalet-salle-les-alpes.webp 1440w, https:\/\/helift.fr\/wp-content\/uploads\/2023\/07\/location-chalet-salle-les-alpes-300x158.webp 300w, https:\/\/helift.fr\/wp-content\/uploads\/2023\/07\/location-chalet-salle-les-alpes-1024x539.webp 1024w, https:\/\/helift.fr\/wp-content\/uploads\/2023\/07\/location-chalet-salle-les-alpes-768x404.webp 768w\" sizes=\"auto, (max-width: 1440px) 100vw, 1440px\" \/><div class=\"wp-block-cover__inner-container is-layout-flow wp-container-core-cover-is-layout-f5bb311e wp-block-cover-is-layout-flow\">\n<h1 class=\"wp-block-heading has-text-align-center has-x-large-font-size\">CHALET FLOOR PLANS<\/h1>\n\n\n\n<p class=\"has-text-align-center\">Discover the layouts of our versions<\/p>\n\n\n\n<div class=\"wp-block-buttons is-content-justification-center is-layout-flex wp-container-core-buttons-is-layout-a89b3969 wp-block-buttons-is-layout-flex\">\n<div class=\"wp-block-button\"><a class=\"wp-block-button__link has-contrast-color has-base-background-color has-text-color has-background has-text-align-center wp-element-button\" href=\"https:\/\/helift.fr\/en\/serre-chevalier-chalet-reservations\/\">Book your stay<\/a><\/div>\n<\/div>\n<\/div><\/div>\n\n\n\n<div class=\"wp-block-cover alignfull is-light banniere hide-desktop has-base-color has-text-color\"><span aria-hidden=\"true\" class=\"wp-block-cover__background has-background-dim\"><\/span><img loading=\"lazy\" decoding=\"async\" width=\"1440\" height=\"758\" class=\"wp-block-cover__image-background wp-image-993\" alt=\"Location du chalet aravet \u00e0 la Salle-les-Alpes\" src=\"https:\/\/helift.fr\/wp-content\/uploads\/2023\/07\/location-chalet-salle-les-alpes.webp\" data-object-fit=\"cover\" srcset=\"https:\/\/helift.fr\/wp-content\/uploads\/2023\/07\/location-chalet-salle-les-alpes.webp 1440w, https:\/\/helift.fr\/wp-content\/uploads\/2023\/07\/location-chalet-salle-les-alpes-300x158.webp 300w, https:\/\/helift.fr\/wp-content\/uploads\/2023\/07\/location-chalet-salle-les-alpes-1024x539.webp 1024w, https:\/\/helift.fr\/wp-content\/uploads\/2023\/07\/location-chalet-salle-les-alpes-768x404.webp 768w\" sizes=\"auto, (max-width: 1440px) 100vw, 1440px\" \/><div class=\"wp-block-cover__inner-container is-layout-flow wp-container-core-cover-is-layout-f5bb311e wp-block-cover-is-layout-flow\">\n<h1 class=\"wp-block-heading has-text-align-center has-x-large-font-size\">CHALET FLOOR PLANS<\/h1>\n\n\n\n<p class=\"has-text-align-center\">Discover the layouts of our versions<\/p>\n\n\n\n<div class=\"wp-block-buttons is-content-justification-center is-layout-flex wp-container-core-buttons-is-layout-a89b3969 wp-block-buttons-is-layout-flex\">\n<div class=\"wp-block-button\"><a class=\"wp-block-button__link has-contrast-color has-base-background-color has-text-color has-background has-text-align-center wp-element-button\" href=\"https:\/\/helift.fr\/en\/serre-chevalier-chalet-reservations\/\">Book your stay<\/a><\/div>\n<\/div>\n<\/div><\/div>\n\n\n\n<div class=\"wp-block-group alignwide has-global-padding is-layout-constrained wp-container-core-group-is-layout-bf111dba wp-block-group-is-layout-constrained\" style=\"padding-top:var(--wp--preset--spacing--60);padding-bottom:var(--wp--preset--spacing--50)\">\n<h2 class=\"wp-block-heading has-text-align-center has-large-font-size\">CHALET FLOOR PLANS<\/h2>\n\n\n\n<div class=\"wp-block-buttons is-content-justification-center is-layout-flex wp-container-core-buttons-is-layout-78108f9f wp-block-buttons-is-layout-flex\" style=\"margin-bottom:var(--wp--preset--spacing--60)\">\n<div class=\"wp-block-button has-custom-font-size bouton-marron has-medium-font-size\"><a class=\"wp-block-button__link has-base-color has-text-color wp-element-button\" href=\"\/wp-content\/uploads\/2023\/07\/plan-general-versions-chalet-aravet.pdf\" target=\"_blank\" rel=\"noreferrer noopener\">General floor plan<\/a><\/div>\n<\/div>\n\n\n\n<div class=\"wp-block-columns is-layout-flex wp-container-core-columns-is-layout-08a2a807 wp-block-columns-is-layout-flex\">\n<div class=\"wp-block-column is-layout-flow wp-container-core-column-is-layout-f5bb311e wp-block-column-is-layout-flow\">\n<h3 class=\"wp-block-heading has-text-align-center has-large-font-size\">Level -1<\/h3>\n\n\n\n<figure class=\"plan wp-block-image alignfull size-full\" data-pdflink=\"\/wp-content\/uploads\/2023\/07\/plan-chalet-aravet-niv-moins-1.pdf\"><img decoding=\"async\" src=\"https:\/\/helift.fr\/wp-content\/uploads\/2023\/07\/plan-chalet-aravet-niv-moins-1-scaled.webp\" alt=\"\" class=\"wp-image-1087\"\/><\/figure>\n<\/div>\n\n\n\n<div class=\"wp-block-column is-layout-flow wp-container-core-column-is-layout-119bc444 wp-block-column-is-layout-flow\">\n<h3 class=\"wp-block-heading has-text-align-center has-large-font-size\">Level 0<\/h3>\n\n\n\n<figure class=\"plan wp-block-image alignfull size-full\" data-pdflink=\"\/wp-content\/uploads\/2023\/07\/plan-chalet-aravet-niv-0.pdf\"><img decoding=\"async\" src=\"https:\/\/helift.fr\/wp-content\/uploads\/2023\/07\/plan-chalet-aravet-niv-0-scaled.webp\" alt=\"\" class=\"wp-image-1087\"\/><\/figure>\n<\/div>\n<\/div>\n\n\n\n<div class=\"wp-block-columns is-layout-flex wp-container-core-columns-is-layout-08a2a807 wp-block-columns-is-layout-flex\">\n<div class=\"wp-block-column is-layout-flow wp-container-core-column-is-layout-119bc444 wp-block-column-is-layout-flow\">\n<h3 class=\"wp-block-heading has-text-align-center has-large-font-size\">Level 1<\/h3>\n\n\n\n<figure class=\"plan wp-block-image alignfull size-full\" data-pdflink=\"\/wp-content\/uploads\/2023\/07\/plan-chalet-aravet-niv-1.pdf\"><img decoding=\"async\" src=\"https:\/\/helift.fr\/wp-content\/uploads\/2023\/07\/plan-chalet-aravet-niv-1-scaled.webp\" alt=\"\" class=\"wp-image-1087\"\/><\/figure>\n<\/div>\n\n\n\n<div class=\"wp-block-column is-layout-flow wp-container-core-column-is-layout-119bc444 wp-block-column-is-layout-flow\">\n<h3 class=\"wp-block-heading has-text-align-center has-large-font-size\">Level 2<\/h3>\n\n\n\n<figure class=\"plan wp-block-image alignfull size-full\" data-pdflink=\"\/wp-content\/uploads\/2023\/07\/plan-chalet-aravet-niv-2.pdf\"><img decoding=\"async\" src=\"https:\/\/helift.fr\/wp-content\/uploads\/2023\/07\/plan-chalet-aravet-niv-2-scaled.webp\" alt=\"\" class=\"wp-image-1087\"\/><\/figure>\n<\/div>\n<\/div>\n<\/div>","protected":false},"excerpt":{"rendered":"<p>PLANS DU CHALET Niveau -1 Niveau 0 Niveau 1 Niveau 2<\/p>","protected":false},"author":1,"featured_media":0,"parent":0,"menu_order":0,"comment_status":"closed","ping_status":"closed","template":"","meta":{"footnotes":""},"class_list":["post-1342","page","type-page","status-publish","hentry"],"yoast_head":"<!-- This site is optimized with the Yoast SEO plugin v21.7 - https:\/\/yoast.com\/wordpress\/plugins\/seo\/ -->\n<title>Plans Chalet Aravet - Chalet Aravet<\/title>\n<meta name=\"description\" content=\"D\u00e9couvrez les agencements de nos formules avec les plans du Chalet Aravet \u00e0 Serre Chevalier, compos\u00e9 de 4 niveaux.\" \/>\n<meta name=\"robots\" content=\"noindex, follow, max-snippet:-1, max-image-preview:large, max-video-preview:-1\" \/>\n<meta property=\"og:locale\" content=\"en_GB\" \/>\n<meta property=\"og:type\" content=\"article\" \/>\n<meta property=\"og:title\" content=\"Plans Chalet Aravet - Chalet Aravet\" \/>\n<meta property=\"og:description\" content=\"D\u00e9couvrez les agencements de nos formules avec les plans du Chalet Aravet \u00e0 Serre Chevalier, compos\u00e9 de 4 niveaux.\" \/>\n<meta property=\"og:url\" content=\"https:\/\/helift.fr\/en\/chalet-floor-plans\/\" \/>\n<meta property=\"og:site_name\" content=\"Chalet Aravet\" \/>\n<meta property=\"article:modified_time\" content=\"2023-09-11T13:11:49+00:00\" \/>\n<meta property=\"og:image\" content=\"https:\/\/helift.fr\/wp-content\/uploads\/2023\/07\/location-chalet-salle-les-alpes.webp\" \/>\n<meta name=\"twitter:card\" content=\"summary_large_image\" \/>\n<meta name=\"twitter:label1\" content=\"Estimated reading time\" \/>\n\t<meta name=\"twitter:data1\" content=\"2 minutes\" \/>\n<script type=\"application\/ld+json\" class=\"yoast-schema-graph\">{\"@context\":\"https:\/\/schema.org\",\"@graph\":[{\"@type\":\"WebPage\",\"@id\":\"https:\/\/helift.fr\/plans-chalet-aravet\/\",\"url\":\"https:\/\/helift.fr\/plans-chalet-aravet\/\",\"name\":\"Plans Chalet Aravet - Chalet Aravet\",\"isPartOf\":{\"@id\":\"https:\/\/helift.fr\/#website\"},\"datePublished\":\"2023-07-27T13:39:09+00:00\",\"dateModified\":\"2023-09-11T13:11:49+00:00\",\"description\":\"D\u00e9couvrez les agencements de nos formules avec les plans du Chalet Aravet \u00e0 Serre Chevalier, compos\u00e9 de 4 niveaux.\",\"breadcrumb\":{\"@id\":\"https:\/\/helift.fr\/plans-chalet-aravet\/#breadcrumb\"},\"inLanguage\":\"en-GB\",\"potentialAction\":[{\"@type\":\"ReadAction\",\"target\":[\"https:\/\/helift.fr\/plans-chalet-aravet\/\"]}]},{\"@type\":\"BreadcrumbList\",\"@id\":\"https:\/\/helift.fr\/plans-chalet-aravet\/#breadcrumb\",\"itemListElement\":[{\"@type\":\"ListItem\",\"position\":1,\"name\":\"Accueil\",\"item\":\"https:\/\/helift.fr\/\"},{\"@type\":\"ListItem\",\"position\":2,\"name\":\"Plans Chalet Aravet\"}]},{\"@type\":\"WebSite\",\"@id\":\"https:\/\/helift.fr\/#website\",\"url\":\"https:\/\/helift.fr\/\",\"name\":\"Chalet Aravet\",\"description\":\"\",\"publisher\":{\"@id\":\"https:\/\/helift.fr\/#organization\"},\"potentialAction\":[{\"@type\":\"SearchAction\",\"target\":{\"@type\":\"EntryPoint\",\"urlTemplate\":\"https:\/\/helift.fr\/?s={search_term_string}\"},\"query-input\":\"required name=search_term_string\"}],\"inLanguage\":\"en-GB\"},{\"@type\":\"Organization\",\"@id\":\"https:\/\/helift.fr\/#organization\",\"name\":\"Chalet Aravet\",\"url\":\"https:\/\/helift.fr\/\",\"logo\":{\"@type\":\"ImageObject\",\"inLanguage\":\"en-GB\",\"@id\":\"https:\/\/helift.fr\/#\/schema\/logo\/image\/\",\"url\":\"https:\/\/helift.fr\/wp-content\/uploads\/2023\/06\/logo.svg\",\"contentUrl\":\"https:\/\/helift.fr\/wp-content\/uploads\/2023\/06\/logo.svg\",\"width\":1,\"height\":1,\"caption\":\"Chalet Aravet\"},\"image\":{\"@id\":\"https:\/\/helift.fr\/#\/schema\/logo\/image\/\"}}]}<\/script>\n<!-- \/ Yoast SEO plugin. -->","yoast_head_json":{"title":"Plans Chalet Aravet - Chalet Aravet","description":"D\u00e9couvrez les agencements de nos formules avec les plans du Chalet Aravet \u00e0 Serre Chevalier, compos\u00e9 de 4 niveaux.","robots":{"index":"noindex","follow":"follow","max-snippet":"max-snippet:-1","max-image-preview":"max-image-preview:large","max-video-preview":"max-video-preview:-1"},"og_locale":"en_GB","og_type":"article","og_title":"Plans Chalet Aravet - Chalet Aravet","og_description":"D\u00e9couvrez les agencements de nos formules avec les plans du Chalet Aravet \u00e0 Serre Chevalier, compos\u00e9 de 4 niveaux.","og_url":"https:\/\/helift.fr\/en\/chalet-floor-plans\/","og_site_name":"Chalet Aravet","article_modified_time":"2023-09-11T13:11:49+00:00","og_image":[{"url":"https:\/\/helift.fr\/wp-content\/uploads\/2023\/07\/location-chalet-salle-les-alpes.webp"}],"twitter_card":"summary_large_image","twitter_misc":{"Estimated reading time":"2 minutes"},"schema":{"@context":"https:\/\/schema.org","@graph":[{"@type":"WebPage","@id":"https:\/\/helift.fr\/plans-chalet-aravet\/","url":"https:\/\/helift.fr\/plans-chalet-aravet\/","name":"Plans Chalet Aravet - Chalet Aravet","isPartOf":{"@id":"https:\/\/helift.fr\/#website"},"datePublished":"2023-07-27T13:39:09+00:00","dateModified":"2023-09-11T13:11:49+00:00","description":"D\u00e9couvrez les agencements de nos formules avec les plans du Chalet Aravet \u00e0 Serre Chevalier, compos\u00e9 de 4 niveaux.","breadcrumb":{"@id":"https:\/\/helift.fr\/plans-chalet-aravet\/#breadcrumb"},"inLanguage":"en-GB","potentialAction":[{"@type":"ReadAction","target":["https:\/\/helift.fr\/plans-chalet-aravet\/"]}]},{"@type":"BreadcrumbList","@id":"https:\/\/helift.fr\/plans-chalet-aravet\/#breadcrumb","itemListElement":[{"@type":"ListItem","position":1,"name":"Accueil","item":"https:\/\/helift.fr\/"},{"@type":"ListItem","position":2,"name":"Plans Chalet Aravet"}]},{"@type":"WebSite","@id":"https:\/\/helift.fr\/#website","url":"https:\/\/helift.fr\/","name":"Chalet Aravet","description":"","publisher":{"@id":"https:\/\/helift.fr\/#organization"},"potentialAction":[{"@type":"SearchAction","target":{"@type":"EntryPoint","urlTemplate":"https:\/\/helift.fr\/?s={search_term_string}"},"query-input":"required name=search_term_string"}],"inLanguage":"en-GB"},{"@type":"Organization","@id":"https:\/\/helift.fr\/#organization","name":"Chalet Aravet","url":"https:\/\/helift.fr\/","logo":{"@type":"ImageObject","inLanguage":"en-GB","@id":"https:\/\/helift.fr\/#\/schema\/logo\/image\/","url":"https:\/\/helift.fr\/wp-content\/uploads\/2023\/06\/logo.svg","contentUrl":"https:\/\/helift.fr\/wp-content\/uploads\/2023\/06\/logo.svg","width":1,"height":1,"caption":"Chalet Aravet"},"image":{"@id":"https:\/\/helift.fr\/#\/schema\/logo\/image\/"}}]}},"_links":{"self":[{"href":"https:\/\/helift.fr\/en\/wp-json\/wp\/v2\/pages\/1342","targetHints":{"allow":["GET"]}}],"collection":[{"href":"https:\/\/helift.fr\/en\/wp-json\/wp\/v2\/pages"}],"about":[{"href":"https:\/\/helift.fr\/en\/wp-json\/wp\/v2\/types\/page"}],"author":[{"embeddable":true,"href":"https:\/\/helift.fr\/en\/wp-json\/wp\/v2\/users\/1"}],"replies":[{"embeddable":true,"href":"https:\/\/helift.fr\/en\/wp-json\/wp\/v2\/comments?post=1342"}],"version-history":[{"count":0,"href":"https:\/\/helift.fr\/en\/wp-json\/wp\/v2\/pages\/1342\/revisions"}],"wp:attachment":[{"href":"https:\/\/helift.fr\/en\/wp-json\/wp\/v2\/media?parent=1342"}],"curies":[{"name":"wp","href":"https:\/\/api.w.org\/{rel}","templated":true}]}}